{"id":5,"date":"2020-01-13T11:17:52","date_gmt":"2020-01-13T11:17:52","guid":{"rendered":"http:\/\/externatofernandopessoa.pt\/?page_id=5"},"modified":"2023-11-21T18:26:56","modified_gmt":"2023-11-21T18:26:56","slug":"sobre-externato-fernando-pessoa-creche-monte-abraao","status":"publish","type":"page","link":"https:\/\/externatofernandopessoa.pt\/en\/sobre-externato-fernando-pessoa-creche-monte-abraao\/","title":{"rendered":"Sobre n\u00f3s"},"content":{"rendered":"\n<div id=\"wp-block-themeisle-blocks-advanced-columns-512cc8e9\" class=\"wp-block-themeisle-blocks-advanced-columns alignfull has-1-columns has-desktop-equal-layout has-tablet-equal-layout has-mobile-equal-layout has-vertical-center\"><div class=\"wp-block-themeisle-blocks-advanced-columns-overlay\"><\/div><div class=\"innerblocks-wrap\">\n<div id=\"wp-block-themeisle-blocks-advanced-column-d0923845\" class=\"wp-block-themeisle-blocks-advanced-column ticss-772a8d7e\">\n<h1 class=\"wp-block-heading has-text-align-center has-white-color has-vivid-cyan-blue-background-color has-text-color has-background\">No Externato Fernando Pessoa, o seu filho est\u00e1 a crescer e a desenvolver-se. <\/h1>\n\n\n\n<p class=\"has-text-align-center\">No Externato Fernando Pessoa, proporcionamos um ambiente seguro e estimulante para as crian\u00e7as aprenderem, brincarem e crescerem. A experi\u00eancia e a elevada forma\u00e7\u00e3o das nossas educadoras e auxiliares garantem uma grande dedica\u00e7\u00e3o ao desenvolvimento das capacidades \u00fanicas de cada crian\u00e7a e a fomentar o gosto pela aprendizagem. Junte-se \u00e0 nossa comunidade e d\u00ea ao seu filho o melhor come\u00e7o de vida.<\/p>\n\n\n\n<div id=\"wp-block-themeisle-blocks-button-group-089c65f7\" class=\"wp-block-themeisle-blocks-button-group collapse-mobile wp-block-buttons align-center\">\n<div id=\"wp-block-themeisle-blocks-button-c5161ab0\" class=\"wp-block-themeisle-blocks-button wp-block-button\"><a href=\"http:\/\/grupoddl.pt\" target=\"_blank\" rel=\"noopener noreferrer\" class=\"wp-block-button__link\"><span>saiba mais<\/span><\/a><\/div>\n\n\n\n<div id=\"wp-block-themeisle-blocks-button-b7840673\" class=\"wp-block-themeisle-blocks-button wp-block-button\"><a href=\"https:\/\/externatofernandopessoa.pt\/contactos\/\" target=\"_self\" rel=\"noopener noreferrer\" class=\"wp-block-button__link\"><span>Inscri\u00e7\u00e3o<\/span><\/a><\/div>\n<\/div>\n<\/div>\n<\/div><\/div>\n\n\n\n<div id=\"wp-block-themeisle-blocks-advanced-columns-d68eee3c\" class=\"wp-block-themeisle-blocks-advanced-columns alignfull has-3-columns has-desktop-equal-layout has-tablet-equal-layout has-mobile-collapsedRows-layout has-vertical-center has-light-bg\"><div class=\"wp-block-themeisle-blocks-advanced-columns-overlay\"><\/div><div class=\"innerblocks-wrap\">\n<div id=\"wp-block-themeisle-blocks-advanced-column-80f0db44\" class=\"wp-block-themeisle-blocks-advanced-column has-light-bg\">\n<div class=\"wp-block-themeisle-blocks-service\">\n<div id=\"wp-block-themeisle-blocks-font-awesome-icons-832668e3\" class=\"wp-block-themeisle-blocks-font-awesome-icons\"><span class=\"wp-block-themeisle-blocks-font-awesome-icons-container\"><i class=\"fas fa-book-medical\"><\/i><\/span><\/div>\n\n\n\n<h3 id=\"wp-block-themeisle-blocks-advanced-heading-9ce62e7d\" class=\"wp-block-themeisle-blocks-advanced-heading wp-block-themeisle-blocks-advanced-heading-9ce62e7d\">Cuidados especializados para os mais pequenos.<\/h3>\n\n\n\n<p id=\"wp-block-themeisle-blocks-advanced-heading-4d9cde9e\" class=\"wp-block-themeisle-blocks-advanced-heading wp-block-themeisle-blocks-advanced-heading-4d9cde9e\">Lorem ipsum dolor sit amet elit do, consectetur adipiscing, sed eiusmod tempor.O seu filho merece os melhores cuidados e educa\u00e7\u00e3o. No Externato Fernando Pessoa, a nossa equipa \u00e9 altamente treinada e experiente na presta\u00e7\u00e3o de cuidados infantis educativos e estimulantes. Confie em n\u00f3s para criar um ambiente seguro e enriquecedor para os seus pequenos crescerem e prosperarem.<\/p>\n<\/div>\n<\/div>\n\n\n\n<div id=\"wp-block-themeisle-blocks-advanced-column-75651b0e\" class=\"wp-block-themeisle-blocks-advanced-column\">\n<div id=\"wp-block-themeisle-blocks-font-awesome-icons-7b11599f\" class=\"wp-block-themeisle-blocks-font-awesome-icons\"><span class=\"wp-block-themeisle-blocks-font-awesome-icons-container\"><i class=\"fas fa-people-carry\"><\/i><\/span><\/div>\n\n\n\n<h3 id=\"wp-block-themeisle-blocks-advanced-heading-e574c793\" class=\"wp-block-themeisle-blocks-advanced-heading wp-block-themeisle-blocks-advanced-heading-e574c793\">D\u00ea ao seu filho o melhor come\u00e7o de vida.<\/h3>\n\n\n\n<p id=\"wp-block-themeisle-blocks-advanced-heading-77ddd0de\" class=\"wp-block-themeisle-blocks-advanced-heading wp-block-themeisle-blocks-advanced-heading-77ddd0de\">No Externato Fernando Pessoa, acreditamos que a educa\u00e7\u00e3o na primeira inf\u00e2ncia estabelece as bases para uma vida inteira de aprendizagem. Com o nosso curr\u00edculo baseado na Pedagogia Montessori, proporcionamos um ambiente saud\u00e1vel e integrado para o seu filho crescer e prosperar. D\u00ea ao seu filho o melhor come\u00e7o de vida no Externato Fernando Pessoa.<\/p>\n<\/div>\n\n\n\n<div id=\"wp-block-themeisle-blocks-advanced-column-27094f67\" class=\"wp-block-themeisle-blocks-advanced-column\">\n<div id=\"wp-block-themeisle-blocks-font-awesome-icons-ee4b6d4b\" class=\"wp-block-themeisle-blocks-font-awesome-icons\"><span class=\"wp-block-themeisle-blocks-font-awesome-icons-container\"><i class=\"fas fa-baby\"><\/i><\/span><\/div>\n\n\n\n<h3 id=\"wp-block-themeisle-blocks-advanced-heading-868c0873\" class=\"wp-block-themeisle-blocks-advanced-heading wp-block-themeisle-blocks-advanced-heading-868c0873\">&nbsp;Creche e jardim de inf\u00e2ncia de confian\u00e7a para o seu filho.<\/h3>\n\n\n\n<p id=\"wp-block-themeisle-blocks-advanced-heading-a1a200dc\" class=\"wp-block-themeisle-blocks-advanced-heading wp-block-themeisle-blocks-advanced-heading-a1a200dc\">Quando se trata da educa\u00e7\u00e3o do seu filho, a confian\u00e7a \u00e9 tudo. O Externato Fernando Pessoa faz orgulhosamente parte do Grupo DDL, um grupo educativo de grande reputa\u00e7\u00e3o na regi\u00e3o de Lisboa. Pode ter a certeza de que o seu filho receber\u00e1 cuidados e educa\u00e7\u00e3o de alta qualidade num ambiente acolhedor<\/p>\n<\/div>\n<\/div><\/div>\n\n\n\n<div id=\"wp-block-themeisle-blocks-advanced-columns-ad20c616\" class=\"wp-block-themeisle-blocks-advanced-columns alignfull has-2-columns has-desktop-equal-layout has-tablet-equal-layout has-mobile-collapsedRows-layout has-vertical-center has-dark-bg\"><div class=\"wp-block-themeisle-blocks-advanced-columns-overlay\"><\/div><div class=\"innerblocks-wrap\">\n<div id=\"wp-block-themeisle-blocks-advanced-column-03d02eeb\" class=\"wp-block-themeisle-blocks-advanced-column\">\n<figure class=\"wp-block-image size-large is-style-default\"><img loading=\"lazy\" decoding=\"async\" width=\"1024\" height=\"681\" src=\"http:\/\/externatofernandopessoa.pt\/wp-content\/uploads\/2023\/10\/colorful-kindergarten-class-without-childs-school-education-desk-chair-toy-decoration-background-wall-childhood-1024x681.jpg\" alt=\"\" class=\"wp-image-158\" srcset=\"https:\/\/externatofernandopessoa.pt\/wp-content\/uploads\/2023\/10\/colorful-kindergarten-class-without-childs-school-education-desk-chair-toy-decoration-background-wall-childhood-1024x681.jpg 1024w, https:\/\/externatofernandopessoa.pt\/wp-content\/uploads\/2023\/10\/colorful-kindergarten-class-without-childs-school-education-desk-chair-toy-decoration-background-wall-childhood-300x200.jpg 300w, https:\/\/externatofernandopessoa.pt\/wp-content\/uploads\/2023\/10\/colorful-kindergarten-class-without-childs-school-education-desk-chair-toy-decoration-background-wall-childhood-768x511.jpg 768w, https:\/\/externatofernandopessoa.pt\/wp-content\/uploads\/2023\/10\/colorful-kindergarten-class-without-childs-school-education-desk-chair-toy-decoration-background-wall-childhood-1536x1022.jpg 1536w, https:\/\/externatofernandopessoa.pt\/wp-content\/uploads\/2023\/10\/colorful-kindergarten-class-without-childs-school-education-desk-chair-toy-decoration-background-wall-childhood-2048x1362.jpg 2048w, https:\/\/externatofernandopessoa.pt\/wp-content\/uploads\/2023\/10\/colorful-kindergarten-class-without-childs-school-education-desk-chair-toy-decoration-background-wall-childhood-18x12.jpg 18w\" sizes=\"auto, (max-width: 1024px) 100vw, 1024px\" \/><\/figure>\n<\/div>\n\n\n\n<div id=\"wp-block-themeisle-blocks-advanced-column-cb2b8741\" class=\"wp-block-themeisle-blocks-advanced-column ticss-44eccd86\">\n<h2 class=\"wp-block-heading has-white-color has-text-color\">Educa\u00e7\u00e3o de confian\u00e7a para os mais pequenos.<\/h2>\n\n\n\n<p class=\"has-white-color has-text-color\">Quando se trata da educa\u00e7\u00e3o do seu filho, a confian\u00e7a \u00e9 fundamental. O Externato Fernando Pessoa faz parte do conceituado Grupo DDL, conhecido pelos seus padr\u00f5es educativos excepcionais na regi\u00e3o de Lisboa. Fique descansado sabendo que os seus filhos est\u00e3o a receber uma educa\u00e7\u00e3o de confian\u00e7a e fidedigna de uma institui\u00e7\u00e3o de renome.<\/p>\n\n\n\n<div class=\"wp-block-button is-style-fill is-style-primary\"><a class=\"wp-block-button__link has-black-color has-luminous-vivid-amber-background-color has-text-color has-background wp-element-button\" href=\"https:\/\/externatofernandopessoa.pt\/sobre-externato-fernando-pessoa-creche-monte-abraao\/\">Saiba mais<\/a><\/div>\n<\/div>\n<\/div><\/div>\n\n\n\n<div id=\"wp-block-themeisle-blocks-advanced-columns-5e6f3a8e\" class=\"wp-block-themeisle-blocks-advanced-columns alignfull has-2-columns has-desktop-equal-layout has-tablet-equal-layout has-mobile-collapsedRows-layout has-vertical-center has-light-bg\"><div class=\"wp-block-themeisle-blocks-advanced-columns-overlay\"><\/div><div class=\"innerblocks-wrap\">\n<div id=\"wp-block-themeisle-blocks-advanced-column-4949e572\" class=\"wp-block-themeisle-blocks-advanced-column has-light-bg\">\n<h2 class=\"wp-block-heading has-white-color has-text-color\">Confie a educa\u00e7\u00e3o precoce do seu filho a profissionais experientes.<\/h2>\n\n\n\n<p class=\"has-white-color has-text-color\">Os primeiros anos de vida do seu filho s\u00e3o cruciais para o seu desenvolvimento. No Externato Fernando Pessoa, a nossa equipa dedicada tem a melhor forma\u00e7\u00e3o acad\u00e9mica e uma vasta experi\u00eancia em cuidados infantis. Confie em n\u00f3s para proporcionarmos um ambiente educativo e acolhedor aos seus filhos, enquanto eles embarcam na sua viagem de crescimento e aprendizagem.<\/p>\n\n\n\n<div class=\"wp-block-button is-style-fill is-style-primary\"><a class=\"wp-block-button__link has-black-color has-vivid-cyan-blue-background-color has-text-color has-background wp-element-button\" href=\"https:\/\/externatofernandopessoa.pt\/10-dicas-para-cuidar-de-seu-bebe\/\">Saiba mais<\/a><\/div>\n<\/div>\n\n\n\n<div id=\"wp-block-themeisle-blocks-advanced-column-372f2dc9\" class=\"wp-block-themeisle-blocks-advanced-column\">\n<figure class=\"wp-block-image size-large is-style-default\"><img loading=\"lazy\" decoding=\"async\" width=\"1024\" height=\"683\" src=\"http:\/\/externatofernandopessoa.pt\/wp-content\/uploads\/2023\/10\/mother-baby-daughter-giving-high-fives-1024x683.jpg\" alt=\"\" class=\"wp-image-160\" srcset=\"https:\/\/externatofernandopessoa.pt\/wp-content\/uploads\/2023\/10\/mother-baby-daughter-giving-high-fives-1024x683.jpg 1024w, https:\/\/externatofernandopessoa.pt\/wp-content\/uploads\/2023\/10\/mother-baby-daughter-giving-high-fives-300x200.jpg 300w, https:\/\/externatofernandopessoa.pt\/wp-content\/uploads\/2023\/10\/mother-baby-daughter-giving-high-fives-768x512.jpg 768w, https:\/\/externatofernandopessoa.pt\/wp-content\/uploads\/2023\/10\/mother-baby-daughter-giving-high-fives-1536x1024.jpg 1536w, https:\/\/externatofernandopessoa.pt\/wp-content\/uploads\/2023\/10\/mother-baby-daughter-giving-high-fives-2048x1365.jpg 2048w, https:\/\/externatofernandopessoa.pt\/wp-content\/uploads\/2023\/10\/mother-baby-daughter-giving-high-fives-18x12.jpg 18w\" sizes=\"auto, (max-width: 1024px) 100vw, 1024px\" \/><\/figure>\n<\/div>\n<\/div><\/div>\n\n\n\n<div id=\"wp-block-themeisle-blocks-advanced-columns-04f594d2\" class=\"wp-block-themeisle-blocks-advanced-columns alignfull has-2-columns has-desktop-equal-layout has-tablet-equal-layout has-mobile-collapsedRows-layout has-vertical-center has-light-bg\"><div class=\"wp-block-themeisle-blocks-advanced-columns-overlay\"><\/div><div class=\"innerblocks-wrap\">\n<div id=\"wp-block-themeisle-blocks-advanced-column-926e7050\" class=\"wp-block-themeisle-blocks-advanced-column\">\n<figure class=\"wp-block-image size-large is-style-default\"><img loading=\"lazy\" decoding=\"async\" width=\"1024\" height=\"683\" src=\"http:\/\/externatofernandopessoa.pt\/wp-content\/uploads\/2023\/10\/adorable-caucasian-boy-playing-with-tractor-toy-sitting-floor-kindergarten-1024x683.jpg\" alt=\"\" class=\"wp-image-161\" srcset=\"https:\/\/externatofernandopessoa.pt\/wp-content\/uploads\/2023\/10\/adorable-caucasian-boy-playing-with-tractor-toy-sitting-floor-kindergarten-1024x683.jpg 1024w, https:\/\/externatofernandopessoa.pt\/wp-content\/uploads\/2023\/10\/adorable-caucasian-boy-playing-with-tractor-toy-sitting-floor-kindergarten-300x200.jpg 300w, https:\/\/externatofernandopessoa.pt\/wp-content\/uploads\/2023\/10\/adorable-caucasian-boy-playing-with-tractor-toy-sitting-floor-kindergarten-768x512.jpg 768w, https:\/\/externatofernandopessoa.pt\/wp-content\/uploads\/2023\/10\/adorable-caucasian-boy-playing-with-tractor-toy-sitting-floor-kindergarten-1536x1024.jpg 1536w, https:\/\/externatofernandopessoa.pt\/wp-content\/uploads\/2023\/10\/adorable-caucasian-boy-playing-with-tractor-toy-sitting-floor-kindergarten-2048x1365.jpg 2048w, https:\/\/externatofernandopessoa.pt\/wp-content\/uploads\/2023\/10\/adorable-caucasian-boy-playing-with-tractor-toy-sitting-floor-kindergarten-18x12.jpg 18w\" sizes=\"auto, (max-width: 1024px) 100vw, 1024px\" \/><\/figure>\n<\/div>\n\n\n\n<div id=\"wp-block-themeisle-blocks-advanced-column-00c5b9c2\" class=\"wp-block-themeisle-blocks-advanced-column\">\n<h2 class=\"wp-block-heading has-white-color has-text-color\">D\u00ea ao seu filho o melhor come\u00e7o de vida.<\/h2>\n\n\n\n<p class=\"has-white-color has-text-color\">No Externato Fernando Pessoa, damos prioridade ao crescimento e desenvolvimento do vosso filho. Com um curr\u00edculo baseado na Pedagogia Montessori, proporcionamos um ambiente saud\u00e1vel e integrado que nutre o seu potencial e o prepara para o sucesso. D\u00ea ao seu filho o melhor come\u00e7o de vida na nossa creche e jardim de inf\u00e2ncia.<\/p>\n\n\n\n<div class=\"wp-block-button is-style-fill is-style-primary\"><a class=\"wp-block-button__link has-black-color has-vivid-cyan-blue-background-color has-text-color has-background wp-element-button\" href=\"https:\/\/externatofernandopessoa.pt\/a-pedagogia-montessori-no-externato-fernando-pessoa\/\">Saiba mais<\/a><\/div>\n<\/div>\n<\/div><\/div>\n\n\n\n<div class=\"wp-block-cover alignwide is-light\"><span aria-hidden=\"true\" class=\"wp-block-cover__background has-background-dim-20 has-background-dim\"><\/span><img loading=\"lazy\" decoding=\"async\" width=\"1024\" height=\"771\" class=\"wp-block-cover__image-background wp-image-165\" alt=\"\" src=\"http:\/\/externatofernandopessoa.pt\/wp-content\/uploads\/2023\/10\/young-girl-playing-with-educational-toys-1024x771.jpg\" style=\"object-position:54% 22%\" data-object-fit=\"cover\" data-object-position=\"54% 22%\" srcset=\"https:\/\/externatofernandopessoa.pt\/wp-content\/uploads\/2023\/10\/young-girl-playing-with-educational-toys-1024x771.jpg 1024w, https:\/\/externatofernandopessoa.pt\/wp-content\/uploads\/2023\/10\/young-girl-playing-with-educational-toys-300x226.jpg 300w, https:\/\/externatofernandopessoa.pt\/wp-content\/uploads\/2023\/10\/young-girl-playing-with-educational-toys-768x578.jpg 768w, https:\/\/externatofernandopessoa.pt\/wp-content\/uploads\/2023\/10\/young-girl-playing-with-educational-toys-1536x1156.jpg 1536w, https:\/\/externatofernandopessoa.pt\/wp-content\/uploads\/2023\/10\/young-girl-playing-with-educational-toys-2048x1541.jpg 2048w, https:\/\/externatofernandopessoa.pt\/wp-content\/uploads\/2023\/10\/young-girl-playing-with-educational-toys-16x12.jpg 16w\" sizes=\"auto, (max-width: 1024px) 100vw, 1024px\" \/><div class=\"wp-block-cover__inner-container is-layout-flow wp-block-cover-is-layout-flow\">\n<p class=\"has-text-align-center has-white-color has-text-color has-x-large-font-size\"><strong>D\u00ea ao seu filho o melhor come\u00e7o no seu percurso educativo.<\/strong><\/p>\n<\/div><\/div>\n\n\n\n<div class=\"wp-block-columns alignwide are-vertically-aligned-center is-layout-flex wp-container-core-columns-is-layout-9d6595d7 wp-block-columns-is-layout-flex\">\n<div class=\"wp-block-column is-vertically-aligned-center is-layout-flow wp-block-column-is-layout-flow\">\n<p style=\"line-height:2\"><strong>Visite-nos<\/strong>:<br>Rua Sousa Pinto, 13. Monte Abra\u00e3o, Queluz<\/p>\n<\/div>\n\n\n\n<div class=\"wp-block-column is-vertically-aligned-center is-layout-flow wp-block-column-is-layout-flow\">\n<p style=\"line-height:2\"><strong>Fale connosco:<\/strong><br>218465505 (custo de chamada local)<\/p>\n<\/div>\n\n\n\n<div class=\"wp-block-column is-vertically-aligned-center is-layout-flow wp-block-column-is-layout-flow\">\n<div class=\"wp-block-buttons is-layout-flex wp-block-buttons-is-layout-flex\">\n<div class=\"wp-block-button has-custom-width wp-block-button__width-100\"><a class=\"wp-block-button__link has-vivid-cyan-blue-background-color has-text-color has-background wp-element-button\" href=\"https:\/\/externatofernandopessoa.pt\/contactos\/\" style=\"color:#efefef\">Inscri\u00e7\u00e3o<\/a><\/div>\n<\/div>\n<\/div>\n<\/div>\n\n\n\n<div id=\"wp-block-themeisle-blocks-advanced-columns-b055f56f\" class=\"wp-block-themeisle-blocks-advanced-columns alignfull has-1-columns has-desktop-equal-layout has-tablet-equal-layout has-mobile-equal-layout has-vertical-unset\"><div class=\"wp-block-themeisle-blocks-advanced-columns-overlay\"><\/div><div class=\"innerblocks-wrap\">\n<div id=\"wp-block-themeisle-blocks-advanced-column-bec27eb8\" class=\"wp-block-themeisle-blocks-advanced-column\">\n<div class=\"wp-block-columns is-layout-flex wp-container-core-columns-is-layout-9d6595d7 wp-block-columns-is-layout-flex\">\n<div class=\"wp-block-column is-layout-flow wp-block-column-is-layout-flow\">\n<h2 class=\"wp-block-heading\">Conhe\u00e7a um pouco das nossas instala\u00e7\u00f5es<\/h2>\n<\/div>\n\n\n\n<div class=\"wp-block-column is-layout-flow wp-block-column-is-layout-flow\">\n<div id=\"wp-block-themeisle-blocks-button-group-010b4203\" class=\"wp-block-themeisle-blocks-button-group wp-block-buttons align-right\">\n<div id=\"wp-block-themeisle-blocks-button-1beadb9f\" class=\"wp-block-themeisle-blocks-button wp-block-button\"><a href=\"https:\/\/externatofernandopessoa.pt\/contactos\/\" target=\"_self\" rel=\"noopener noreferrer\" class=\"wp-block-button__link\"><span>Inscri\u00e7\u00f5es<\/span><\/a><\/div>\n<\/div>\n<\/div>\n<\/div>\n<\/div>\n<\/div><\/div>\n\n\n\n<div id=\"wp-block-themeisle-blocks-slider-dc155fca\" class=\"wp-block-themeisle-blocks-slider glide\" data-per-view=\"1\" data-gap=\"0\" data-peek=\"0\" data-autoplay=\"true\" data-height=\"400px\" data-hide-arrows=\"false\"><div class=\"glide__track\" data-glide-el=\"track\"><div class=\"glide__slides\"><div class=\"wp-block-themeisle-blocks-slider-item-wrapper glide__slide\" tabindex=\"0\"><figure><img decoding=\"async\" class=\"wp-block-themeisle-blocks-slider-item\" src=\"http:\/\/externatofernandopessoa.pt\/wp-content\/uploads\/2023\/10\/IMG_20231010_112232-scaled.jpg\" alt=\"\" title=\"\" data-id=\"239\"\/><figcaption>Entrada<\/figcaption><\/figure><\/div><div class=\"wp-block-themeisle-blocks-slider-item-wrapper glide__slide\" tabindex=\"0\"><figure><img decoding=\"async\" class=\"wp-block-themeisle-blocks-slider-item\" src=\"http:\/\/externatofernandopessoa.pt\/wp-content\/uploads\/2023\/10\/IMG_20231010_112507-scaled.jpg\" alt=\"\" title=\"\" data-id=\"240\"\/><figcaption>Sala da Floresta Amarela<\/figcaption><\/figure><\/div><div class=\"wp-block-themeisle-blocks-slider-item-wrapper glide__slide\" tabindex=\"0\"><figure><img decoding=\"async\" class=\"wp-block-themeisle-blocks-slider-item\" src=\"http:\/\/externatofernandopessoa.pt\/wp-content\/uploads\/2023\/10\/IMG_20231010_112618-scaled.jpg\" alt=\"\" title=\"\" data-id=\"243\"\/><figcaption>Pormenor<\/figcaption><\/figure><\/div><div class=\"wp-block-themeisle-blocks-slider-item-wrapper glide__slide\" tabindex=\"0\"><figure><img decoding=\"async\" class=\"wp-block-themeisle-blocks-slider-item\" src=\"http:\/\/externatofernandopessoa.pt\/wp-content\/uploads\/2023\/10\/IMG_20231010_112536-scaled.jpg\" alt=\"\" title=\"\" data-id=\"242\"\/><figcaption>P\u00e1tio da Sala do Mar Azul<\/figcaption><\/figure><\/div><div class=\"wp-block-themeisle-blocks-slider-item-wrapper glide__slide\" tabindex=\"0\"><figure><img decoding=\"async\" class=\"wp-block-themeisle-blocks-slider-item\" src=\"http:\/\/externatofernandopessoa.pt\/wp-content\/uploads\/2023\/10\/IMG_20231010_113104-scaled.jpg\" alt=\"\" title=\"\" data-id=\"244\"\/><figcaption>Pormenor<\/figcaption><\/figure><\/div><div class=\"wp-block-themeisle-blocks-slider-item-wrapper glide__slide\" tabindex=\"0\"><figure><img decoding=\"async\" class=\"wp-block-themeisle-blocks-slider-item\" src=\"http:\/\/externatofernandopessoa.pt\/wp-content\/uploads\/2023\/10\/IMG_20231010_113052-scaled.jpg\" alt=\"\" title=\"\" data-id=\"246\"\/><figcaption>Sala das Artes<\/figcaption><\/figure><\/div><div class=\"wp-block-themeisle-blocks-slider-item-wrapper glide__slide\" tabindex=\"0\"><figure><img decoding=\"async\" class=\"wp-block-themeisle-blocks-slider-item\" src=\"http:\/\/externatofernandopessoa.pt\/wp-content\/uploads\/2023\/10\/IMG_20231010_113500-scaled.jpg\" alt=\"\" title=\"\" data-id=\"252\"\/><figcaption>Nomes das salas<\/figcaption><\/figure><\/div><div class=\"wp-block-themeisle-blocks-slider-item-wrapper glide__slide\" tabindex=\"0\"><figure><img decoding=\"async\" class=\"wp-block-themeisle-blocks-slider-item\" src=\"http:\/\/externatofernandopessoa.pt\/wp-content\/uploads\/2023\/10\/IMG_20231010_112847-scaled.jpg\" alt=\"\" title=\"\" data-id=\"245\"\/><figcaption>P\u00e1tio do Pavilh\u00e3o polivalente<\/figcaption><\/figure><\/div><div class=\"wp-block-themeisle-blocks-slider-item-wrapper glide__slide\" tabindex=\"0\"><figure><img decoding=\"async\" class=\"wp-block-themeisle-blocks-slider-item\" src=\"http:\/\/externatofernandopessoa.pt\/wp-content\/uploads\/2023\/10\/IMG_20231010_113533-scaled.jpg\" alt=\"\" title=\"\" data-id=\"251\"\/><figcaption>Sala da Floresta Encantada<\/figcaption><\/figure><\/div><div class=\"wp-block-themeisle-blocks-slider-item-wrapper glide__slide\" tabindex=\"0\"><figure><img decoding=\"async\" class=\"wp-block-themeisle-blocks-slider-item\" src=\"http:\/\/externatofernandopessoa.pt\/wp-content\/uploads\/2023\/10\/IMG_20231010_113520-scaled.jpg\" alt=\"\" title=\"\" data-id=\"250\"\/><figcaption>Corredor 1\u00ba piso<\/figcaption><\/figure><\/div><div class=\"wp-block-themeisle-blocks-slider-item-wrapper glide__slide\" tabindex=\"0\"><figure><img decoding=\"async\" class=\"wp-block-themeisle-blocks-slider-item\" src=\"http:\/\/externatofernandopessoa.pt\/wp-content\/uploads\/2023\/10\/IMG_20231010_113542-scaled.jpg\" alt=\"\" title=\"\" data-id=\"249\"\/><figcaption>Sala da Floresta<\/figcaption><\/figure><\/div><div class=\"wp-block-themeisle-blocks-slider-item-wrapper glide__slide\" tabindex=\"0\"><figure><img decoding=\"async\" class=\"wp-block-themeisle-blocks-slider-item\" src=\"http:\/\/externatofernandopessoa.pt\/wp-content\/uploads\/2023\/10\/IMG_20231010_113438-scaled.jpg\" alt=\"\" title=\"\" data-id=\"248\"\/><figcaption>Sala do Mar azul<\/figcaption><\/figure><\/div><div class=\"wp-block-themeisle-blocks-slider-item-wrapper glide__slide\" tabindex=\"0\"><figure><img decoding=\"async\" class=\"wp-block-themeisle-blocks-slider-item\" src=\"http:\/\/externatofernandopessoa.pt\/wp-content\/uploads\/2023\/10\/IMG_20231010_113124-scaled.jpg\" alt=\"\" title=\"\" data-id=\"247\"\/><figcaption>Escadas<\/figcaption><\/figure><\/div><\/div><div class=\"glide__bullets\" data-glide-el=\"controls[nav]\"><button class=\"glide__bullet\" data-glide-dir=\"=0\"><\/button><button class=\"glide__bullet\" data-glide-dir=\"=1\"><\/button><button class=\"glide__bullet\" data-glide-dir=\"=2\"><\/button><button class=\"glide__bullet\" data-glide-dir=\"=3\"><\/button><button class=\"glide__bullet\" data-glide-dir=\"=4\"><\/button><button class=\"glide__bullet\" data-glide-dir=\"=5\"><\/button><button class=\"glide__bullet\" data-glide-dir=\"=6\"><\/button><button class=\"glide__bullet\" data-glide-dir=\"=7\"><\/button><button class=\"glide__bullet\" data-glide-dir=\"=8\"><\/button><button class=\"glide__bullet\" data-glide-dir=\"=9\"><\/button><button class=\"glide__bullet\" data-glide-dir=\"=10\"><\/button><button class=\"glide__bullet\" data-glide-dir=\"=11\"><\/button><button class=\"glide__bullet\" data-glide-dir=\"=12\"><\/button><\/div><\/div><\/div>\n\n\n\n<p><\/p>\n","protected":false},"excerpt":{"rendered":"<p>Visite-nos:Rua Sousa Pinto, 13. Monte Abra\u00e3o, Queluz Fale connosco:218465505 (custo de chamada local)<\/p>","protected":false},"author":1,"featured_media":0,"parent":0,"menu_order":0,"comment_status":"closed","ping_status":"closed","template":"","meta":{"om_disable_all_campaigns":false,"_monsterinsights_skip_tracking":false,"_monsterinsights_sitenote_active":false,"_monsterinsights_sitenote_note":"","_monsterinsights_sitenote_category":0,"_themeisle_gutenberg_block_has_review":false,"footnotes":""},"class_list":["post-5","page","type-page","status-publish","hentry"],"aioseo_notices":[],"_links":{"self":[{"href":"https:\/\/externatofernandopessoa.pt\/en\/wp-json\/wp\/v2\/pages\/5","targetHints":{"allow":["GET"]}}],"collection":[{"href":"https:\/\/externatofernandopessoa.pt\/en\/wp-json\/wp\/v2\/pages"}],"about":[{"href":"https:\/\/externatofernandopessoa.pt\/en\/wp-json\/wp\/v2\/types\/page"}],"author":[{"embeddable":true,"href":"https:\/\/externatofernandopessoa.pt\/en\/wp-json\/wp\/v2\/users\/1"}],"replies":[{"embeddable":true,"href":"https:\/\/externatofernandopessoa.pt\/en\/wp-json\/wp\/v2\/comments?post=5"}],"version-history":[{"count":20,"href":"https:\/\/externatofernandopessoa.pt\/en\/wp-json\/wp\/v2\/pages\/5\/revisions"}],"predecessor-version":[{"id":301,"href":"https:\/\/externatofernandopessoa.pt\/en\/wp-json\/wp\/v2\/pages\/5\/revisions\/301"}],"wp:attachment":[{"href":"https:\/\/externatofernandopessoa.pt\/en\/wp-json\/wp\/v2\/media?parent=5"}],"curies":[{"name":"wp","href":"https:\/\/api.w.org\/{rel}","templated":true}]}}